{"id":5507,"date":"2021-12-17T16:13:03","date_gmt":"2021-12-17T16:13:03","guid":{"rendered":"https:\/\/a-tributario.cl\/?page_id=5507"},"modified":"2022-02-18T12:57:15","modified_gmt":"2022-02-18T12:57:15","slug":"gastos-de-organizacion-y-puesta-en-marcha-sin-modificaciones","status":"publish","type":"page","link":"https:\/\/a-tributario.cl\/index.php\/gastos-de-organizacion-y-puesta-en-marcha-sin-modificaciones\/","title":{"rendered":"gastos-de-organizacion-y-puesta-en-marcha-sin-modificaciones\/"},"content":{"rendered":"<p>[vc_row][vc_column width=\u00bb2\/3&#8243;][vc_column_text]<\/p>\n<div class=\"vc_element vc_vc_row vc_container-block vc_layout_2\" data-tag=\"vc_row\" data-shortcode-controls=\"[&quot;edit&quot;,&quot;clone&quot;,&quot;delete&quot;]\" data-model-id=\"63ab0a51ab50e3e3045a2e823694023d\">\n<div class=\"vc_row wpb_row vc_row-fluid ui-sortable\">\n<div class=\"vc_element vc_vc_column vc_container-block vc_col-sm-8\" data-tag=\"vc_column\" data-shortcode-controls=\"[&quot;edit&quot;,&quot;clone&quot;,&quot;delete&quot;]\" data-model-id=\"1d0f5fad322ceba0db6d64677df2793e\">\n<div class=\"wpb_column vc_column_container\">\n<div class=\"vc_column-inner \">\n<div class=\"wpb_wrapper vc_element-container ui-sortable\">\n<div class=\"vc_element vc_vc_column_text\" data-tag=\"vc_column_text\" data-shortcode-controls=\"[&quot;edit&quot;,&quot;clone&quot;,&quot;delete&quot;]\" data-model-id=\"ae04862554ec75e53d0625741a8c9330\">\n<div class=\"wpb_text_column wpb_content_element \">\n<div class=\"wpb_wrapper\">\n<h1><strong><span style=\"vertical-align: inherit;\"><span style=\"vertical-align: inherit;\">3.11\u00a0 \u00a0 \u00a0GASTOS DE <\/span><\/span><\/strong><\/h1>\n<h1><strong><span style=\"vertical-align: inherit;\"><span style=\"vertical-align: inherit;\">ORGANIZACI\u00d3N Y <\/span><\/span><\/strong><\/h1>\n<h1><strong><span style=\"vertical-align: inherit;\"><span style=\"vertical-align: inherit;\">PUESTA EN MARCHA <\/span><\/span><\/strong><\/h1>\n<h1><strong><span style=\"vertical-align: inherit;\"><span style=\"vertical-align: inherit;\">(Sin modificaciones)<\/span><\/span><\/strong><\/h1>\n<p><span style=\"vertical-align: inherit;\"><span style=\"vertical-align: inherit;\">De acuerdo al N\u00b0 9 del inciso cuarto del art\u00edculo 31, pueden deducirse como gasto los gastos de organizaci\u00f3n y puesta en marcha, los cuales podr\u00e1n ser amortizados hasta en un lapso de seis ejercicios comerciales consecutivos contados desde que se generaron dichos gastos o desde el a\u00f1o en que la empresa comience a generar ingresos (percibidos o devengados) de su actividad principal, cuando este hecho sea posterior a la fecha en que se originaron los gastos.<\/span><\/span><\/p>\n<p><span style=\"vertical-align: inherit;\"><span style=\"vertical-align: inherit;\">Considerando que la Ley no modific\u00f3 el N\u00b0 9, mantienen plena aplicaci\u00f3n las instrucciones actualmente vigentes sobre la materia<\/span><\/span><a href=\"https:\/\/a-tributario.cl\/index.php\/gastos-de-organizacion-y-puesta-en-marcha\/?vc_editable=true&amp;vc_post_id=3776&amp;_vcnonce=86b27ba667#_ftn1\" target=\"_blank\" rel=\"noopener noreferrer\"><span style=\"vertical-align: inherit;\"><span style=\"vertical-align: inherit;\">[1]<\/span><\/span><\/a><span style=\"vertical-align: inherit;\"><span style=\"vertical-align: inherit;\">25, cuyos aspectos m\u00e1s relevantes son los siguientes:<\/span><\/span><\/p>\n<h2><strong><span style=\"vertical-align: inherit;\"><span style=\"vertical-align: inherit;\">3.11.1<\/span><\/span><\/strong>\u00a0 \u00a0 \u00a0 \u00a0 \u00a0 \u00a0 \u00a0 \u00a0 \u00a0<strong><span style=\"vertical-align: inherit;\"><span style=\"vertical-align: inherit;\">Definici\u00f3n<\/span><\/span><\/strong><\/h2>\n<p><span style=\"vertical-align: inherit;\"><span style=\"vertical-align: inherit;\">Los gastos de organizaci\u00f3n y puesta en marcha son aquellos que por su naturaleza y monto inciden en la generaci\u00f3n de ingresos o renta de m\u00e1s de un ejercicio, los que, sin embargo, conforme con lo establecido en la misma disposici\u00f3n, pueden ser reconocidos para fines tributarios como gasto en el ejercicio de su generaci\u00f3n o bien, optativamente, en los a\u00f1os en que se estime que dichos gastos inciden en la generaci\u00f3n de ingresos<\/span><\/span><\/p>\n<p>Se entienden incorporados dentro del concepto de gastos de organizaci\u00f3n y puesta en marcha aquellos gastos en que es necesario incurrir con motivo de la creaci\u00f3n de una nueva empresa o del inicio de un nuevo negocio por una empresa que ya se encuentra en funcionamiento, considerando aquellos en que se incurre en momentos previos a la generaci\u00f3n de ingresos y que, por su\u00a0 Naturaleza, pueden ser considerados como necesarios para producir la renta de m\u00e1s de un ejercicio<\/p>\n<h2><strong>3.11.2<\/strong>\u00a0 \u00a0 \u00a0 \u00a0 \u00a0 \u00a0 \u00a0 \u00a0\u00a0<strong>\u00a0Tratamiento tributario<\/strong><a href=\"https:\/\/a-tributario.cl\/index.php\/gastos-de-organizacion-y-puesta-en-marcha\/?vc_editable=true&amp;vc_post_id=3776&amp;_vcnonce=86b27ba667#_ftn2\" target=\"_blank\" rel=\"noopener noreferrer\"><strong>[2]<\/strong><\/a><\/h2>\n<p>Pueden amortizarse o reflejarse como gasto en resultados en uno, dos o m\u00e1s a\u00f1os, con un m\u00e1ximo de seis ejercicios comerciales consecutivos, a elecci\u00f3n del contribuyente<\/p>\n<p>En el evento que los contribuyentes opten por amortizar dichos gastos en m\u00e1s de un per\u00edodo, con el tope de seis ejercicios comerciales consecutivos, el plazo de imputaci\u00f3n se contar\u00e1, a opci\u00f3n del contribuyente, a partir de la fecha en que se generaron dichos gastos o bien desde el a\u00f1o en que la empresa comience a generar ingresos percibidos o devengados de su actividad principal, cuando esta \u00faltima circunstancia sea posterior a la fecha en que se originaron los referidos desembolsos<\/p>\n<p>En el caso de empresas cuyo \u00fanico giro, seg\u00fan la escritura de constituci\u00f3n, sea el desarrollo de una actividad por un tiempo inferior a seis a\u00f1os no renovables ni prorrogables, podr\u00e1n amortizar tambi\u00e9n optativamente sus gastos de organizaci\u00f3n y puesta en marcha por su monto total en el mismo ejercicio en que ellos se originaron, o bien, en el n\u00famero de a\u00f1os que abarque la existencia legal de la empresa.<\/p>\n<p>En el caso a que se refiere el p\u00e1rrafo anterior, el saldo no amortizado en un ejercicio, deber\u00e1 actualizarse para los fines de la amortizaci\u00f3n de los ejercicios siguientes, seg\u00fan la variaci\u00f3n del \u00edndice de precios al consumidor (IPC) entre el \u00faltimo d\u00eda del segundo mes anterior al de iniciaci\u00f3n del ejercicio y el \u00faltimo d\u00eda del mes anterior al del balance, sucesivamente hasta su total amortizaci\u00f3n<\/p>\n<h2><strong>3.11.3<\/strong>\u00a0<strong>Menor valor de la inversi\u00f3n o goodwill<\/strong><\/h2>\n<p>Sobre el tratamiento del menor valor de la inversi\u00f3n, tratado en el p\u00e1rrafo tercero del N\u00b0 9 del art\u00edculo 31, rigen \u00edntegramente las instrucciones contenidas en Circulares N\u00b0 13 de 2014 y N\u00b0 1 de 2015<\/p>\n<h2><strong>3.11.4 Cumplimiento de los requisitos generales establecidos en el inciso primero del art\u00edculo 31.<\/strong><\/h2>\n<p><span style=\"vertical-align: inherit;\"><span style=\"vertical-align: inherit;\">Por \u00faltimo, se hace presente que todos los requisitos generales del gasto establecidos en el inciso primero se aplican a los gastos de organizaci\u00f3n y puesta en marcha, excepto en el caso que se trate del menor valor de la inversi\u00f3n o \u201cgoodwill\u201d. En este caso, cuando se trate de fusi\u00f3n de sociedades, los requisitos del inciso primero del art\u00edculo 31 resultan inaplicables de acuerdo a la naturaleza del gasto, sin perjuicio de que deba acreditarse el costo de la inversi\u00f3n y el capital propio tributario para efectos de la determinaci\u00f3n del \u201cgoodwill\u201d<\/span><\/span><\/p>\n<hr class=\"wp-block-separator\" \/>\n<p><a href=\"https:\/\/a-tributario.cl\/index.php\/gastos-de-organizacion-y-puesta-en-marcha\/?vc_editable=true&amp;vc_post_id=3776&amp;_vcnonce=86b27ba667#_ftnref1\" target=\"_blank\" rel=\"noopener noreferrer\">[1]<\/a>\u00a025<br \/>\nOficios N\u00b0 305 de 2012 y N\u00b0 452 de 2012.<\/p>\n<p><a href=\"https:\/\/a-tributario.cl\/index.php\/gastos-de-organizacion-y-puesta-en-marcha\/?vc_editable=true&amp;vc_post_id=3776&amp;_vcnonce=86b27ba667#_ftnref2\" target=\"_blank\" rel=\"noopener noreferrer\">[2]<\/a>\u00a026<br \/>\nCircular N\u00b0 54 de 1984.<\/p>\n<h3><strong><span style=\"vertical-align: inherit;\"><span style=\"vertical-align: inherit;\">FUENTE SII :\u00a0<\/span><\/span><a href=\"http:\/\/www.sii.cl\/normativa_legislacion\/circulares\/2020\/circu53.pdf\" target=\"_blank\" rel=\"noopener noreferrer\"><span style=\"vertical-align: inherit;\"><span style=\"vertical-align: inherit;\">http:\/\/www.sii.cl\/normativa_legislacion\/circulares\/2020\/circu53.pdf\u00a0<\/span><\/span><\/a><\/strong><\/h3>\n<\/div>\n<\/div>\n<div class=\"vc_controls-element vc_controls\" data-can-all=\"true\" data-can-edit=\"true\">\n<div class=\"vc_controls-cc\"><a class=\"vc_control-btn vc_element-name vc_element-move\" target=\"_blank\" rel=\"noopener noreferrer\"><span class=\"vc_btn-content\" title=\"Arrastra para mover el bloque de texto\"><i class=\"vc-composer-icon vc-c-icon-dragndrop\"><\/i><span style=\"vertical-align: inherit;\"><span style=\"vertical-align: inherit;\">Bloque de texto<\/span><\/span><\/span><\/a><i class=\"vc-composer-icon vc-c-icon-mode_edit\"><\/i><i class=\"vc-composer-icon vc-c-icon-content_copy\"><\/i><i class=\"vc-composer-icon vc-c-icon-delete_empty\"><\/i><\/div>\n<\/div>\n<\/div>\n<\/div>\n<\/div>\n<\/div>\n<div class=\"vc_controls-column vc_controls\">\n<div class=\"vc_controls-out-tl\">\n<div class=\"vc_parent parent-vc_row\"><a class=\"vc_control-btn vc_element-name vc_element-move vc_move-vc_row\" title=\"Arrastra para mover Fila\" target=\"_blank\" rel=\"noopener noreferrer\"><span class=\"vc_btn-content\"><i class=\"vc-composer-icon vc-c-icon-dragndrop\"><\/i><span style=\"vertical-align: inherit;\"><span style=\"vertical-align: inherit;\">Hilera<\/span><\/span><\/span><\/a><i class=\"vc-composer-icon vc-c-icon-mode_edit\"><\/i><i class=\"vc-composer-icon vc-c-icon-row_default_fe\"><\/i><i class=\"vc-composer-icon vc-c-icon-add\"><\/i><i class=\"vc-composer-icon vc-c-icon-content_copy\"><\/i><i class=\"vc-composer-icon vc-c-icon-delete_empty\"><\/i><i class=\"vc-composer-icon vc-c-icon-arrow_drop_right\"><\/i><\/div>\n<div class=\"vc_element element-vc_column vc_active\"><a class=\"vc_control-btn vc_element-name vc_element-move vc_move-vc_column ui-sortable-handle\" title=\"Arrastra para mover la columna\" target=\"_blank\" rel=\"noopener noreferrer\"><span class=\"vc_btn-content\"><i class=\"vc-composer-icon vc-c-icon-dragndrop\"><\/i><span style=\"vertical-align: inherit;\"><span style=\"vertical-align: inherit;\">Columna<\/span><\/span><\/span><\/a><span class=\"vc_advanced\"><i class=\"vc-composer-icon vc-c-icon-mode_edit\"><\/i><i class=\"vc-composer-icon vc-c-icon-add\"><\/i><i class=\"vc-composer-icon vc-c-icon-delete_empty\"><\/i><span style=\"vertical-align: inherit;\"><span style=\"vertical-align: inherit;\">\u00ab&gt;<\/span><\/span><\/span><i class=\"vc-composer-icon vc-c-icon-arrow_drop_right\"><\/i><\/div>\n<\/div>\n<div class=\"vc_controls-bc\"><\/div>\n<\/div>\n<div class=\"vc_resize-bar\"><\/div>\n<\/div>\n<div class=\"vc_element vc_vc_column vc_container-block vc_empty vc_col-sm-4\" data-tag=\"vc_column\" data-shortcode-controls=\"[&quot;edit&quot;,&quot;clone&quot;,&quot;delete&quot;]\" data-model-id=\"b5ea92297d7ed78af7e19fcd7db91600\">\n<div class=\"wpb_column vc_column_container vc_empty-element\">\n<div class=\"vc_column-inner \">\n<div class=\"wpb_wrapper vc_element-container ui-sortable\"><\/div>\n<\/div>\n<\/div>\n<div class=\"vc_controls-column vc_controls\">\n<div class=\"vc_controls-out-tl\">\n<div class=\"vc_parent parent-vc_row\"><\/div>\n<div class=\"vc_element element-vc_column vc_active\"><\/div>\n<\/div>\n<div class=\"vc_controls-bc\"><\/div>\n<\/div>\n<div class=\"vc_resize-bar\"><\/div>\n<\/div>\n<\/div>\n<div class=\"no-controls\"><\/div>\n<\/div>\n<div id=\"vc_no-content-helper\" class=\"vc_welcome vc_ui-font-open-sans vc_not-empty\">\n<div class=\"vc_welcome-visible-ne\"><\/div>\n<\/div>\n<p>[\/vc_column_text][\/vc_column][vc_column width=\u00bb1\/3&#8243;][\/vc_column][\/vc_row]<\/p>\n","protected":false},"excerpt":{"rendered":"<p>[vc_row][vc_column width=\u00bb2\/3&#8243;][vc_column_text] 3.11\u00a0 \u00a0 \u00a0GASTOS DE ORGANIZACI\u00d3N Y PUESTA EN MARCHA (Sin modificaciones) De acuerdo al N\u00b0 9 del inciso cuarto del art\u00edculo 31, pueden deducirse como gasto los gastos de organizaci\u00f3n y puesta en marcha, los cuales podr\u00e1n ser amortizados hasta en un lapso de seis ejercicios comerciales consecutivos contados desde que se generaron [&hellip;]<\/p>\n","protected":false},"author":1,"featured_media":0,"parent":0,"menu_order":0,"comment_status":"closed","ping_status":"closed","template":"","meta":{"_monsterinsights_skip_tracking":false,"_monsterinsights_sitenote_active":false,"_monsterinsights_sitenote_note":"","_monsterinsights_sitenote_category":0,"footnotes":"","_joinchat":[]},"yoast_head":"<!-- This site is optimized with the Yoast SEO plugin v21.5 - https:\/\/yoast.com\/wordpress\/plugins\/seo\/ -->\n<title>gastos-de-organizacion-y-puesta-en-marcha-sin-modificaciones\/<\/title>\n<meta name=\"description\" content=\"GASTOS DE ORGANIZACI\u00d3N Y PUESTA EN MARCHA - CIRCULAR 53 DEL 2020 DEL SII\" \/>\n<meta name=\"robots\" content=\"index, follow, max-snippet:-1, max-image-preview:large, max-video-preview:-1\" \/>\n<link rel=\"canonical\" href=\"https:\/\/a-tributario.cl\/index.php\/gastos-de-organizacion-y-puesta-en-marcha-sin-modificaciones\/\" \/>\n<meta property=\"og:locale\" content=\"es_ES\" \/>\n<meta property=\"og:type\" content=\"article\" \/>\n<meta property=\"og:title\" content=\"gastos-de-organizacion-y-puesta-en-marcha-sin-modificaciones\/\" \/>\n<meta property=\"og:description\" content=\"GASTOS DE ORGANIZACI\u00d3N Y PUESTA EN MARCHA - CIRCULAR 53 DEL 2020 DEL SII\" \/>\n<meta property=\"og:url\" content=\"https:\/\/a-tributario.cl\/index.php\/gastos-de-organizacion-y-puesta-en-marcha-sin-modificaciones\/\" \/>\n<meta property=\"og:site_name\" content=\"ABOGADO TRIBUTARIO R&amp;R\" \/>\n<meta property=\"article:publisher\" content=\"https:\/\/www.facebook.com\/AbogadosTributariosIUS\/\" \/>\n<meta property=\"article:modified_time\" content=\"2022-02-18T12:57:15+00:00\" \/>\n<meta name=\"twitter:card\" content=\"summary_large_image\" \/>\n<meta name=\"twitter:site\" content=\"@ius_asesores\" \/>\n<meta name=\"twitter:label1\" content=\"Tiempo de lectura\" \/>\n\t<meta name=\"twitter:data1\" content=\"6 minutos\" \/>\n<script type=\"application\/ld+json\" class=\"yoast-schema-graph\">{\"@context\":\"https:\/\/schema.org\",\"@graph\":[{\"@type\":\"WebPage\",\"@id\":\"https:\/\/a-tributario.cl\/index.php\/gastos-de-organizacion-y-puesta-en-marcha-sin-modificaciones\/\",\"url\":\"https:\/\/a-tributario.cl\/index.php\/gastos-de-organizacion-y-puesta-en-marcha-sin-modificaciones\/\",\"name\":\"gastos-de-organizacion-y-puesta-en-marcha-sin-modificaciones\/\",\"isPartOf\":{\"@id\":\"https:\/\/a-tributario.cl\/#website\"},\"datePublished\":\"2021-12-17T16:13:03+00:00\",\"dateModified\":\"2022-02-18T12:57:15+00:00\",\"description\":\"GASTOS DE ORGANIZACI\u00d3N Y PUESTA EN MARCHA - CIRCULAR 53 DEL 2020 DEL SII\",\"breadcrumb\":{\"@id\":\"https:\/\/a-tributario.cl\/index.php\/gastos-de-organizacion-y-puesta-en-marcha-sin-modificaciones\/#breadcrumb\"},\"inLanguage\":\"es\",\"potentialAction\":[{\"@type\":\"ReadAction\",\"target\":[\"https:\/\/a-tributario.cl\/index.php\/gastos-de-organizacion-y-puesta-en-marcha-sin-modificaciones\/\"]}]},{\"@type\":\"BreadcrumbList\",\"@id\":\"https:\/\/a-tributario.cl\/index.php\/gastos-de-organizacion-y-puesta-en-marcha-sin-modificaciones\/#breadcrumb\",\"itemListElement\":[{\"@type\":\"ListItem\",\"position\":1,\"name\":\"Portada\",\"item\":\"https:\/\/a-tributario.cl\/\"},{\"@type\":\"ListItem\",\"position\":2,\"name\":\"gastos-de-organizacion-y-puesta-en-marcha-sin-modificaciones\/\"}]},{\"@type\":\"WebSite\",\"@id\":\"https:\/\/a-tributario.cl\/#website\",\"url\":\"https:\/\/a-tributario.cl\/\",\"name\":\"ABOGADO TRIBUTARIO R&amp;R\",\"description\":\"ASESOR\u00cdA TRIBUTARIA, DEFENSA LIQUIDACI\u00d3N Y GIRO SII, PRESCRIPCI\u00d3N IMPUESTOS DEFENSA COBRO TESORER\u00cdA\",\"publisher\":{\"@id\":\"https:\/\/a-tributario.cl\/#organization\"},\"potentialAction\":[{\"@type\":\"SearchAction\",\"target\":{\"@type\":\"EntryPoint\",\"urlTemplate\":\"https:\/\/a-tributario.cl\/?s={search_term_string}\"},\"query-input\":\"required name=search_term_string\"}],\"inLanguage\":\"es\"},{\"@type\":\"Organization\",\"@id\":\"https:\/\/a-tributario.cl\/#organization\",\"name\":\"Abogado Tributario Let\",\"url\":\"https:\/\/a-tributario.cl\/\",\"logo\":{\"@type\":\"ImageObject\",\"inLanguage\":\"es\",\"@id\":\"https:\/\/a-tributario.cl\/#\/schema\/logo\/image\/\",\"url\":\"https:\/\/a-tributario.cl\/wp-content\/uploads\/2019\/04\/Image-2018-e1556290954199.jpeg\",\"contentUrl\":\"https:\/\/a-tributario.cl\/wp-content\/uploads\/2019\/04\/Image-2018-e1556290954199.jpeg\",\"width\":128,\"height\":128,\"caption\":\"Abogado Tributario Let\"},\"image\":{\"@id\":\"https:\/\/a-tributario.cl\/#\/schema\/logo\/image\/\"},\"sameAs\":[\"https:\/\/www.facebook.com\/AbogadosTributariosIUS\/\",\"https:\/\/twitter.com\/ius_asesores\",\"https:\/\/www.linkedin.com\/in\/abogadotributario\/\"]}]}<\/script>\n<!-- \/ Yoast SEO plugin. -->","yoast_head_json":{"title":"gastos-de-organizacion-y-puesta-en-marcha-sin-modificaciones\/","description":"GASTOS DE ORGANIZACI\u00d3N Y PUESTA EN MARCHA - CIRCULAR 53 DEL 2020 DEL SII","robots":{"index":"index","follow":"follow","max-snippet":"max-snippet:-1","max-image-preview":"max-image-preview:large","max-video-preview":"max-video-preview:-1"},"canonical":"https:\/\/a-tributario.cl\/index.php\/gastos-de-organizacion-y-puesta-en-marcha-sin-modificaciones\/","og_locale":"es_ES","og_type":"article","og_title":"gastos-de-organizacion-y-puesta-en-marcha-sin-modificaciones\/","og_description":"GASTOS DE ORGANIZACI\u00d3N Y PUESTA EN MARCHA - CIRCULAR 53 DEL 2020 DEL SII","og_url":"https:\/\/a-tributario.cl\/index.php\/gastos-de-organizacion-y-puesta-en-marcha-sin-modificaciones\/","og_site_name":"ABOGADO TRIBUTARIO R&amp;R","article_publisher":"https:\/\/www.facebook.com\/AbogadosTributariosIUS\/","article_modified_time":"2022-02-18T12:57:15+00:00","twitter_card":"summary_large_image","twitter_site":"@ius_asesores","twitter_misc":{"Tiempo de lectura":"6 minutos"},"schema":{"@context":"https:\/\/schema.org","@graph":[{"@type":"WebPage","@id":"https:\/\/a-tributario.cl\/index.php\/gastos-de-organizacion-y-puesta-en-marcha-sin-modificaciones\/","url":"https:\/\/a-tributario.cl\/index.php\/gastos-de-organizacion-y-puesta-en-marcha-sin-modificaciones\/","name":"gastos-de-organizacion-y-puesta-en-marcha-sin-modificaciones\/","isPartOf":{"@id":"https:\/\/a-tributario.cl\/#website"},"datePublished":"2021-12-17T16:13:03+00:00","dateModified":"2022-02-18T12:57:15+00:00","description":"GASTOS DE ORGANIZACI\u00d3N Y PUESTA EN MARCHA - CIRCULAR 53 DEL 2020 DEL SII","breadcrumb":{"@id":"https:\/\/a-tributario.cl\/index.php\/gastos-de-organizacion-y-puesta-en-marcha-sin-modificaciones\/#breadcrumb"},"inLanguage":"es","potentialAction":[{"@type":"ReadAction","target":["https:\/\/a-tributario.cl\/index.php\/gastos-de-organizacion-y-puesta-en-marcha-sin-modificaciones\/"]}]},{"@type":"BreadcrumbList","@id":"https:\/\/a-tributario.cl\/index.php\/gastos-de-organizacion-y-puesta-en-marcha-sin-modificaciones\/#breadcrumb","itemListElement":[{"@type":"ListItem","position":1,"name":"Portada","item":"https:\/\/a-tributario.cl\/"},{"@type":"ListItem","position":2,"name":"gastos-de-organizacion-y-puesta-en-marcha-sin-modificaciones\/"}]},{"@type":"WebSite","@id":"https:\/\/a-tributario.cl\/#website","url":"https:\/\/a-tributario.cl\/","name":"ABOGADO TRIBUTARIO R&amp;R","description":"ASESOR\u00cdA TRIBUTARIA, DEFENSA LIQUIDACI\u00d3N Y GIRO SII, PRESCRIPCI\u00d3N IMPUESTOS DEFENSA COBRO TESORER\u00cdA","publisher":{"@id":"https:\/\/a-tributario.cl\/#organization"},"potentialAction":[{"@type":"SearchAction","target":{"@type":"EntryPoint","urlTemplate":"https:\/\/a-tributario.cl\/?s={search_term_string}"},"query-input":"required name=search_term_string"}],"inLanguage":"es"},{"@type":"Organization","@id":"https:\/\/a-tributario.cl\/#organization","name":"Abogado Tributario Let","url":"https:\/\/a-tributario.cl\/","logo":{"@type":"ImageObject","inLanguage":"es","@id":"https:\/\/a-tributario.cl\/#\/schema\/logo\/image\/","url":"https:\/\/a-tributario.cl\/wp-content\/uploads\/2019\/04\/Image-2018-e1556290954199.jpeg","contentUrl":"https:\/\/a-tributario.cl\/wp-content\/uploads\/2019\/04\/Image-2018-e1556290954199.jpeg","width":128,"height":128,"caption":"Abogado Tributario Let"},"image":{"@id":"https:\/\/a-tributario.cl\/#\/schema\/logo\/image\/"},"sameAs":["https:\/\/www.facebook.com\/AbogadosTributariosIUS\/","https:\/\/twitter.com\/ius_asesores","https:\/\/www.linkedin.com\/in\/abogadotributario\/"]}]}},"_links":{"self":[{"href":"https:\/\/a-tributario.cl\/index.php\/wp-json\/wp\/v2\/pages\/5507"}],"collection":[{"href":"https:\/\/a-tributario.cl\/index.php\/wp-json\/wp\/v2\/pages"}],"about":[{"href":"https:\/\/a-tributario.cl\/index.php\/wp-json\/wp\/v2\/types\/page"}],"author":[{"embeddable":true,"href":"https:\/\/a-tributario.cl\/index.php\/wp-json\/wp\/v2\/users\/1"}],"replies":[{"embeddable":true,"href":"https:\/\/a-tributario.cl\/index.php\/wp-json\/wp\/v2\/comments?post=5507"}],"version-history":[{"count":6,"href":"https:\/\/a-tributario.cl\/index.php\/wp-json\/wp\/v2\/pages\/5507\/revisions"}],"predecessor-version":[{"id":5577,"href":"https:\/\/a-tributario.cl\/index.php\/wp-json\/wp\/v2\/pages\/5507\/revisions\/5577"}],"wp:attachment":[{"href":"https:\/\/a-tributario.cl\/index.php\/wp-json\/wp\/v2\/media?parent=5507"}],"curies":[{"name":"wp","href":"https:\/\/api.w.org\/{rel}","templated":true}]}}