{"id":8,"date":"2017-07-15T04:56:48","date_gmt":"2017-07-15T04:56:48","guid":{"rendered":"http:\/\/theme.helloxpart.com\/barrister\/?page_id=8"},"modified":"2020-12-13T15:23:40","modified_gmt":"2020-12-13T15:23:40","slug":"nosotros-abogados-asesoria-tributaria","status":"publish","type":"page","link":"https:\/\/a-tributario.cl\/index.php\/nosotros-abogados-asesoria-tributaria\/","title":{"rendered":"NOSOTROS  &#8211;  ABOGADOS      ASESOR\u00cdA TRIBUTARIA"},"content":{"rendered":"<p>[vc_row][vc_column width=\u00bb1\/3&#8243;][vc_column_text]<\/p>\n\n\n<p><\/p>\n\n\n<p><\/p>\n<h3 style=\"text-align: center;\">ASESOR\u00cdA<strong> TRIBUTARIA<\/strong><strong>&nbsp;EN:<\/strong><\/h3>\n<p style=\"text-align: center;\"><a href=\"https:\/\/www.a-tributario.cl\/index.php\/giro-o-liquidacion-sii-defensa-ante-el-tta\/\"><strong>DEFENSA LIQUIDACIONES Y GIRO DEL SII<\/strong><\/a><\/p>\n<p style=\"text-align: center;\"><a href=\"https:\/\/www.a-tributario.cl\/index.php\/prescripcion-impuesto\/\"><strong>PRESCRIPCI\u00d3N DE IMPUESTOS (COBRO TESORER\u00cdA)<\/strong><\/a><\/p>\n<p style=\"text-align: center;\"><strong>&nbsp;<\/strong><a href=\"https:\/\/www.a-tributario.cl\/index.php\/asesoria-tributaria\/\"><strong>ASESOR\u00cdA EN PLANIFICACI\u00d3N NO ELUSIVA<\/strong><\/a><\/p>\n<p style=\"text-align: center;\"><strong>&nbsp;<a href=\"https:\/\/www.a-tributario.cl\/index.php\/defensa-penal-tributaria\/\" target=\"_blank\" rel=\"noopener noreferrer\">DEFENSA DELITO TRIBUTARIO<\/a><\/strong><\/p>\n<h4>&nbsp;<\/h4>\n<p>[\/vc_column_text][\/vc_column][vc_column width=\u00bb1\/3&#8243; full_width=\u00bb\u00bb gap=\u00bb0&#8243; full_height=\u00bb\u00bb columns_placement=\u00bbmiddle\u00bb equal_height=\u00bb\u00bb content_placement=\u00bb\u00bb disable_element=\u00bb\u00bb][vc_column_text]<\/p>\n<p><img loading=\"lazy\" decoding=\"async\" class=\"alignnone size-medium wp-image-3519 aligncenter\" src=\"https:\/\/www.a-tributario.cl\/wp-content\/uploads\/2020\/07\/WhatsApp-Image-2018-12-11-at-15.48.28-300x225.jpeg\" alt=\"\" width=\"300\" height=\"225\" srcset=\"https:\/\/a-tributario.cl\/wp-content\/uploads\/2020\/07\/WhatsApp-Image-2018-12-11-at-15.48.28-300x225.jpeg 300w, https:\/\/a-tributario.cl\/wp-content\/uploads\/2020\/07\/WhatsApp-Image-2018-12-11-at-15.48.28-768x576.jpeg 768w, https:\/\/a-tributario.cl\/wp-content\/uploads\/2020\/07\/WhatsApp-Image-2018-12-11-at-15.48.28-1024x768.jpeg 1024w, https:\/\/a-tributario.cl\/wp-content\/uploads\/2020\/07\/WhatsApp-Image-2018-12-11-at-15.48.28.jpeg 1080w\" sizes=\"(max-width: 300px) 100vw, 300px\" \/><\/p>\n<p style=\"text-align: center;\"><strong>ALEJANDRO RAMIREZ VALDIVIA<\/strong><\/p>\n<p style=\"text-align: center;\"><strong>&nbsp; &nbsp; &nbsp; &nbsp; Abogado \u2013&nbsp;Director<\/strong><\/p>\n<p style=\"text-align: center;\"><strong><a href=\"https:\/\/www.a-tributario.cl\/wp-content\/uploads\/2019\/05\/ABOGADO-TRIBUTARIO-LET-www.a-tributario.cl-1-1.mp4\">Abogado Tributario LeT SpA<\/a><\/strong><\/p>\n<p>[\/vc_column_text][\/vc_column][\/vc_row][vc_row][vc_row][\/vc_row][\/vc_row][vc_row][vc_column width=\u00bb2\/3&#8243;][vc_column_text]<\/p>\n<h4><strong>NUESTRO PRINCIPAL OBJETIVO ES BRINDAR UNA ASESOR\u00cdA Y DEFENSA DE LA CALIDAD, ACERCANDO EL DERECHO TRIBUTARIO A LAS PYMES<\/strong><\/h4>\n<div style=\"width: 1920px;\" class=\"wp-video\"><!--[if lt IE 9]><script>document.createElement('video');<\/script><![endif]-->\n<video class=\"wp-video-shortcode\" id=\"video-8-1\" width=\"1920\" height=\"1080\" preload=\"metadata\" controls=\"controls\"><source type=\"video\/mp4\" src=\"https:\/\/www.a-tributario.cl\/wp-content\/uploads\/2020\/06\/ABOGADO-TRIBUTARIO-LET-2020-TODO-X-LAS-PYMES-2.mp4?_=1\" \/><a href=\"https:\/\/www.a-tributario.cl\/wp-content\/uploads\/2020\/06\/ABOGADO-TRIBUTARIO-LET-2020-TODO-X-LAS-PYMES-2.mp4\">https:\/\/www.a-tributario.cl\/wp-content\/uploads\/2020\/06\/ABOGADO-TRIBUTARIO-LET-2020-TODO-X-LAS-PYMES-2.mp4<\/a><\/video><\/div>\n<p>[\/vc_column_text][\/vc_column][\/vc_row]<\/p>","protected":false},"excerpt":{"rendered":"<p>[vc_row][vc_column width=\u00bb1\/3&#8243;][vc_column_text] ASESOR\u00cdA TRIBUTARIA&nbsp;EN: DEFENSA LIQUIDACIONES Y GIRO DEL SII PRESCRIPCI\u00d3N DE IMPUESTOS (COBRO TESORER\u00cdA) &nbsp;ASESOR\u00cdA EN PLANIFICACI\u00d3N NO ELUSIVA &nbsp;DEFENSA DELITO TRIBUTARIO &nbsp; [\/vc_column_text][\/vc_column][vc_column width=\u00bb1\/3&#8243; full_width=\u00bb\u00bb gap=\u00bb0&#8243; full_height=\u00bb\u00bb columns_placement=\u00bbmiddle\u00bb equal_height=\u00bb\u00bb content_placement=\u00bb\u00bb disable_element=\u00bb\u00bb][vc_column_text] ALEJANDRO RAMIREZ VALDIVIA &nbsp; &nbsp; &nbsp; &nbsp; Abogado \u2013&nbsp;Director Abogado Tributario LeT SpA [\/vc_column_text][\/vc_column][\/vc_row][vc_row][vc_row][\/vc_row][\/vc_row][vc_row][vc_column width=\u00bb2\/3&#8243;][vc_column_text] NUESTRO PRINCIPAL OBJETIVO ES BRINDAR UNA ASESOR\u00cdA [&hellip;]<\/p>\n","protected":false},"author":1,"featured_media":0,"parent":0,"menu_order":0,"comment_status":"closed","ping_status":"closed","template":"","meta":{"_monsterinsights_skip_tracking":false,"_monsterinsights_sitenote_active":false,"_monsterinsights_sitenote_note":"","_monsterinsights_sitenote_category":0,"footnotes":"","_joinchat":[]},"yoast_head":"<!-- This site is optimized with the Yoast SEO plugin v21.5 - https:\/\/yoast.com\/wordpress\/plugins\/seo\/ -->\n<title>NOSOTROS - ABOGADOS   ASESOR\u00cdA TRIBUTARIA - ABOGADO TRIBUTARIO R&amp;R<\/title>\n<meta name=\"description\" content=\"ABOGADOS - Asesoria Tributaria - Defensa Liquidaci\u00f3n y giro del SII -PRESCRIPCI\u00d3N Impuestos IVA - RENTA, Planificaci\u00f3n No Elusiva, Defensa Delito Tributario\" \/>\n<meta name=\"robots\" content=\"index, follow, max-snippet:-1, max-image-preview:large, max-video-preview:-1\" \/>\n<link rel=\"canonical\" href=\"https:\/\/a-tributario.cl\/index.php\/nosotros-abogados-asesoria-tributaria\/\" \/>\n<meta property=\"og:locale\" content=\"es_ES\" \/>\n<meta property=\"og:type\" content=\"article\" \/>\n<meta property=\"og:title\" content=\"NOSOTROS - ABOGADOS   ASESOR\u00cdA TRIBUTARIA - ABOGADO TRIBUTARIO R&amp;R\" \/>\n<meta property=\"og:description\" content=\"ABOGADOS - Asesoria Tributaria - Defensa Liquidaci\u00f3n y giro del SII -PRESCRIPCI\u00d3N Impuestos IVA - RENTA, Planificaci\u00f3n No Elusiva, Defensa Delito Tributario\" \/>\n<meta property=\"og:url\" content=\"https:\/\/a-tributario.cl\/index.php\/nosotros-abogados-asesoria-tributaria\/\" \/>\n<meta property=\"og:site_name\" content=\"ABOGADO TRIBUTARIO R&amp;R\" \/>\n<meta property=\"article:publisher\" content=\"https:\/\/www.facebook.com\/AbogadosTributariosIUS\/\" \/>\n<meta property=\"article:modified_time\" content=\"2020-12-13T15:23:40+00:00\" \/>\n<meta property=\"og:image\" content=\"https:\/\/www.a-tributario.cl\/wp-content\/uploads\/2020\/07\/WhatsApp-Image-2018-12-11-at-15.48.28-300x225.jpeg\" \/>\n<meta name=\"twitter:card\" content=\"summary_large_image\" \/>\n<meta name=\"twitter:site\" content=\"@ius_asesores\" \/>\n<meta name=\"twitter:label1\" content=\"Tiempo de lectura\" \/>\n\t<meta name=\"twitter:data1\" content=\"1 minuto\" \/>\n<script type=\"application\/ld+json\" class=\"yoast-schema-graph\">{\"@context\":\"https:\/\/schema.org\",\"@graph\":[{\"@type\":\"WebPage\",\"@id\":\"https:\/\/a-tributario.cl\/index.php\/nosotros-abogados-asesoria-tributaria\/\",\"url\":\"https:\/\/a-tributario.cl\/index.php\/nosotros-abogados-asesoria-tributaria\/\",\"name\":\"NOSOTROS - ABOGADOS ASESOR\u00cdA TRIBUTARIA - ABOGADO TRIBUTARIO R&amp;R\",\"isPartOf\":{\"@id\":\"https:\/\/a-tributario.cl\/#website\"},\"datePublished\":\"2017-07-15T04:56:48+00:00\",\"dateModified\":\"2020-12-13T15:23:40+00:00\",\"description\":\"ABOGADOS - Asesoria Tributaria - Defensa Liquidaci\u00f3n y giro del SII -PRESCRIPCI\u00d3N Impuestos IVA - RENTA, Planificaci\u00f3n No Elusiva, Defensa Delito Tributario\",\"breadcrumb\":{\"@id\":\"https:\/\/a-tributario.cl\/index.php\/nosotros-abogados-asesoria-tributaria\/#breadcrumb\"},\"inLanguage\":\"es\",\"potentialAction\":[{\"@type\":\"ReadAction\",\"target\":[\"https:\/\/a-tributario.cl\/index.php\/nosotros-abogados-asesoria-tributaria\/\"]}]},{\"@type\":\"BreadcrumbList\",\"@id\":\"https:\/\/a-tributario.cl\/index.php\/nosotros-abogados-asesoria-tributaria\/#breadcrumb\",\"itemListElement\":[{\"@type\":\"ListItem\",\"position\":1,\"name\":\"Portada\",\"item\":\"https:\/\/a-tributario.cl\/\"},{\"@type\":\"ListItem\",\"position\":2,\"name\":\"NOSOTROS &#8211; ABOGADOS ASESOR\u00cdA TRIBUTARIA\"}]},{\"@type\":\"WebSite\",\"@id\":\"https:\/\/a-tributario.cl\/#website\",\"url\":\"https:\/\/a-tributario.cl\/\",\"name\":\"ABOGADO TRIBUTARIO R&amp;R\",\"description\":\"ASESOR\u00cdA TRIBUTARIA, DEFENSA LIQUIDACI\u00d3N Y GIRO SII, PRESCRIPCI\u00d3N IMPUESTOS DEFENSA COBRO TESORER\u00cdA\",\"publisher\":{\"@id\":\"https:\/\/a-tributario.cl\/#organization\"},\"potentialAction\":[{\"@type\":\"SearchAction\",\"target\":{\"@type\":\"EntryPoint\",\"urlTemplate\":\"https:\/\/a-tributario.cl\/?s={search_term_string}\"},\"query-input\":\"required name=search_term_string\"}],\"inLanguage\":\"es\"},{\"@type\":\"Organization\",\"@id\":\"https:\/\/a-tributario.cl\/#organization\",\"name\":\"Abogado Tributario Let\",\"url\":\"https:\/\/a-tributario.cl\/\",\"logo\":{\"@type\":\"ImageObject\",\"inLanguage\":\"es\",\"@id\":\"https:\/\/a-tributario.cl\/#\/schema\/logo\/image\/\",\"url\":\"https:\/\/a-tributario.cl\/wp-content\/uploads\/2019\/04\/Image-2018-e1556290954199.jpeg\",\"contentUrl\":\"https:\/\/a-tributario.cl\/wp-content\/uploads\/2019\/04\/Image-2018-e1556290954199.jpeg\",\"width\":128,\"height\":128,\"caption\":\"Abogado Tributario Let\"},\"image\":{\"@id\":\"https:\/\/a-tributario.cl\/#\/schema\/logo\/image\/\"},\"sameAs\":[\"https:\/\/www.facebook.com\/AbogadosTributariosIUS\/\",\"https:\/\/twitter.com\/ius_asesores\",\"https:\/\/www.linkedin.com\/in\/abogadotributario\/\"]}]}<\/script>\n<!-- \/ Yoast SEO plugin. -->","yoast_head_json":{"title":"NOSOTROS - ABOGADOS   ASESOR\u00cdA TRIBUTARIA - ABOGADO TRIBUTARIO R&amp;R","description":"ABOGADOS - Asesoria Tributaria - Defensa Liquidaci\u00f3n y giro del SII -PRESCRIPCI\u00d3N Impuestos IVA - RENTA, Planificaci\u00f3n No Elusiva, Defensa Delito Tributario","robots":{"index":"index","follow":"follow","max-snippet":"max-snippet:-1","max-image-preview":"max-image-preview:large","max-video-preview":"max-video-preview:-1"},"canonical":"https:\/\/a-tributario.cl\/index.php\/nosotros-abogados-asesoria-tributaria\/","og_locale":"es_ES","og_type":"article","og_title":"NOSOTROS - ABOGADOS   ASESOR\u00cdA TRIBUTARIA - ABOGADO TRIBUTARIO R&amp;R","og_description":"ABOGADOS - Asesoria Tributaria - Defensa Liquidaci\u00f3n y giro del SII -PRESCRIPCI\u00d3N Impuestos IVA - RENTA, Planificaci\u00f3n No Elusiva, Defensa Delito Tributario","og_url":"https:\/\/a-tributario.cl\/index.php\/nosotros-abogados-asesoria-tributaria\/","og_site_name":"ABOGADO TRIBUTARIO R&amp;R","article_publisher":"https:\/\/www.facebook.com\/AbogadosTributariosIUS\/","article_modified_time":"2020-12-13T15:23:40+00:00","og_image":[{"url":"https:\/\/www.a-tributario.cl\/wp-content\/uploads\/2020\/07\/WhatsApp-Image-2018-12-11-at-15.48.28-300x225.jpeg"}],"twitter_card":"summary_large_image","twitter_site":"@ius_asesores","twitter_misc":{"Tiempo de lectura":"1 minuto"},"schema":{"@context":"https:\/\/schema.org","@graph":[{"@type":"WebPage","@id":"https:\/\/a-tributario.cl\/index.php\/nosotros-abogados-asesoria-tributaria\/","url":"https:\/\/a-tributario.cl\/index.php\/nosotros-abogados-asesoria-tributaria\/","name":"NOSOTROS - ABOGADOS ASESOR\u00cdA TRIBUTARIA - ABOGADO TRIBUTARIO R&amp;R","isPartOf":{"@id":"https:\/\/a-tributario.cl\/#website"},"datePublished":"2017-07-15T04:56:48+00:00","dateModified":"2020-12-13T15:23:40+00:00","description":"ABOGADOS - Asesoria Tributaria - Defensa Liquidaci\u00f3n y giro del SII -PRESCRIPCI\u00d3N Impuestos IVA - RENTA, Planificaci\u00f3n No Elusiva, Defensa Delito Tributario","breadcrumb":{"@id":"https:\/\/a-tributario.cl\/index.php\/nosotros-abogados-asesoria-tributaria\/#breadcrumb"},"inLanguage":"es","potentialAction":[{"@type":"ReadAction","target":["https:\/\/a-tributario.cl\/index.php\/nosotros-abogados-asesoria-tributaria\/"]}]},{"@type":"BreadcrumbList","@id":"https:\/\/a-tributario.cl\/index.php\/nosotros-abogados-asesoria-tributaria\/#breadcrumb","itemListElement":[{"@type":"ListItem","position":1,"name":"Portada","item":"https:\/\/a-tributario.cl\/"},{"@type":"ListItem","position":2,"name":"NOSOTROS &#8211; ABOGADOS ASESOR\u00cdA TRIBUTARIA"}]},{"@type":"WebSite","@id":"https:\/\/a-tributario.cl\/#website","url":"https:\/\/a-tributario.cl\/","name":"ABOGADO TRIBUTARIO R&amp;R","description":"ASESOR\u00cdA TRIBUTARIA, DEFENSA LIQUIDACI\u00d3N Y GIRO SII, PRESCRIPCI\u00d3N IMPUESTOS DEFENSA COBRO TESORER\u00cdA","publisher":{"@id":"https:\/\/a-tributario.cl\/#organization"},"potentialAction":[{"@type":"SearchAction","target":{"@type":"EntryPoint","urlTemplate":"https:\/\/a-tributario.cl\/?s={search_term_string}"},"query-input":"required name=search_term_string"}],"inLanguage":"es"},{"@type":"Organization","@id":"https:\/\/a-tributario.cl\/#organization","name":"Abogado Tributario Let","url":"https:\/\/a-tributario.cl\/","logo":{"@type":"ImageObject","inLanguage":"es","@id":"https:\/\/a-tributario.cl\/#\/schema\/logo\/image\/","url":"https:\/\/a-tributario.cl\/wp-content\/uploads\/2019\/04\/Image-2018-e1556290954199.jpeg","contentUrl":"https:\/\/a-tributario.cl\/wp-content\/uploads\/2019\/04\/Image-2018-e1556290954199.jpeg","width":128,"height":128,"caption":"Abogado Tributario Let"},"image":{"@id":"https:\/\/a-tributario.cl\/#\/schema\/logo\/image\/"},"sameAs":["https:\/\/www.facebook.com\/AbogadosTributariosIUS\/","https:\/\/twitter.com\/ius_asesores","https:\/\/www.linkedin.com\/in\/abogadotributario\/"]}]}},"_links":{"self":[{"href":"https:\/\/a-tributario.cl\/index.php\/wp-json\/wp\/v2\/pages\/8"}],"collection":[{"href":"https:\/\/a-tributario.cl\/index.php\/wp-json\/wp\/v2\/pages"}],"about":[{"href":"https:\/\/a-tributario.cl\/index.php\/wp-json\/wp\/v2\/types\/page"}],"author":[{"embeddable":true,"href":"https:\/\/a-tributario.cl\/index.php\/wp-json\/wp\/v2\/users\/1"}],"replies":[{"embeddable":true,"href":"https:\/\/a-tributario.cl\/index.php\/wp-json\/wp\/v2\/comments?post=8"}],"version-history":[{"count":211,"href":"https:\/\/a-tributario.cl\/index.php\/wp-json\/wp\/v2\/pages\/8\/revisions"}],"predecessor-version":[{"id":4339,"href":"https:\/\/a-tributario.cl\/index.php\/wp-json\/wp\/v2\/pages\/8\/revisions\/4339"}],"wp:attachment":[{"href":"https:\/\/a-tributario.cl\/index.php\/wp-json\/wp\/v2\/media?parent=8"}],"curies":[{"name":"wp","href":"https:\/\/api.w.org\/{rel}","templated":true}]}}